{"id":3287,"date":"2021-06-24T11:36:12","date_gmt":"2021-06-24T11:36:12","guid":{"rendered":"https:\/\/promo-theme.com\/novo\/?page_id=3287"},"modified":"2026-04-26T14:52:16","modified_gmt":"2026-04-26T12:52:16","slug":"home-agency-white-elementor","status":"publish","type":"page","link":"https:\/\/wizualizacje.warszawa.pl\/","title":{"rendered":"Agency"},"content":{"rendered":"\t\t<div data-elementor-type=\"wp-page\" data-elementor-id=\"3287\" class=\"elementor elementor-3287\">\n\t\t\t\t\t\t<section class=\"elementor-section elementor-top-section elementor-element elementor-element-b257e7c elementor-section-full_width elementor-section-height-default elementor-section-height-default\" data-id=\"b257e7c\" data-element_type=\"section\" data-e-type=\"section\">\n\t\t\t\t\t\t<div class=\"elementor-container elementor-column-gap-no\">\n\t\t\t\t\t<div class=\"elementor-column elementor-col-100 elementor-top-column elementor-element elementor-element-1c62fd8\" data-id=\"1c62fd8\" data-element_type=\"column\" data-e-type=\"column\">\n\t\t\t<div class=\"elementor-widget-wrap elementor-element-populated\">\n\t\t\t\t\t\t<div class=\"elementor-element elementor-element-16d9957 elementor-widget elementor-widget-yprm_banner\" data-id=\"16d9957\" data-element_type=\"widget\" data-e-type=\"widget\" data-widget_type=\"yprm_banner.default\">\n\t\t\t\t<div class=\"elementor-widget-container\">\n\t\t\t\t\t\t\t\t<div class=\"banner-wrapper banner-area banner-69ef38a5a0d10 banner-color-white\" style=\"--transition-speed: 2300ms;\" data-settings=\"{&quot;loop&quot;:true,&quot;speed&quot;:300,&quot;autoplay&quot;:{&quot;delay&quot;:5000,&quot;disableOnInteraction&quot;:false,&quot;pauseOnMouseEnter&quot;:true},&quot;arrows&quot;:true,&quot;dots&quot;:true,&quot;dots_position&quot;:&quot;right&quot;,&quot;animation&quot;:&quot;&quot;}\">\r\n\t\t\t\t\t\t<div class=\"banner-social-buttons\">\r\n\t\t\t<div class=\"links\">\r\n\t\t\t\t      <a class=\"item\" target=\"_blank\">\r\n        <i class=\"fab fa-instagram\"><\/i>        <span>instagram<\/span>\r\n      <\/a>\r\n          <a class=\"item\" href=\"https:\/\/www.youtube.com\/@MrWilly1970\" target=\"_blank\">\r\n        <i class=\"fab fa-youtube\"><\/i>        <span>youtube<\/span>\r\n      <\/a>\r\n          <a class=\"item\" href=\"https:\/\/www.facebook.com\/profile.php?id=100049242072069\" target=\"_blank\">\r\n        <i class=\"fab fa-facebook\"><\/i>        <span>facebook<\/span>\r\n      <\/a>\r\n    \t\t\t<\/div>\r\n\t\t<\/div>\r\n\t\t\t\t\t\t\t\t\t\t\t\t\t\t\r\n\t\t\t\t<div class=\"banner banner-items banner-69ef38a5a0d19 fixed-height arrows-right-bottom pagination-right\" id=\"banner-69ef38a5a0d1a\">\r\n          <div class=\"swiper\">\r\n            <div class=\"swiper-wrapper\">\r\n                    <div class=\"item swiper-slide item-banner banner-item-69ef38a5a0dc0 elementor-repeater-item-0a005fd tac with-shadow white\">\r\n        <div class=\"bg-image\" style=\"background-image: url(https:\/\/wizualizacje.warszawa.pl\/wp-content\/uploads\/2019\/08\/3-TALO-w.jpg)\"><\/div>\r\n                  \n    <div class=\"bg-overlay\">\n          <\/div>\n\n                            <div class=\"container\">\r\n          <div class=\"cell middle\">\r\n\t\t\t\t\t\t\t\t\t\t\t\t\t<div class=\"heading\">\r\n\t\t\t\t\t\t\t\t\t\t\t\t\t\t\t\t<h1 class=\"h\">\r\n\t\t\t\t\t\t\t\t\tWIZUALIZACJE BUDYNK\u00d3W\t\t\t\t\t\t\t\t<\/h1>\r\n\t\t\t\t\t\t\t<\/div>\r\n\t\t\t\t\t\t\t\t\t\t\t\t\t\t\t\t\t    \t\t\t\t\t\t    <a href=\"https:\/\/wizualizacje.warszawa.pl\/index.php\/galeria\/\" class=\"button-style1\">\r\n\t\t\t\t\t\t    \t\t\t\t\t\t\t\t    <span>zobacz wi\u0119cej<\/span>\r\n\t\t\t\t\t\t\t<\/a>\r\n\t\t\t\t\t\t\t\t\t\t\t\t\t\t\t\t\t<\/div>\r\n\t\t\t\t<\/div>\r\n\t\t\t<\/div>\r\n\t\t      <div class=\"item swiper-slide item-banner banner-item-69ef38a5a140a elementor-repeater-item-a747569 tac with-shadow black\">\r\n        <div class=\"bg-image\" style=\"background-image: url(https:\/\/wizualizacje.warszawa.pl\/wp-content\/uploads\/2018\/09\/WAW-ATAL-09-w.jpg)\"><\/div>\r\n                  \n    <div class=\"bg-overlay\">\n          <\/div>\n\n                            <div class=\"container\">\r\n          <div class=\"cell middle\">\r\n\t\t\t\t\t\t\t\t\t\t\t\t\t<div class=\"heading\">\r\n\t\t\t\t\t\t\t\t\t\t\t\t\t\t\t\t<h1 class=\"h\">\r\n\t\t\t\t\t\t\t\t\tANIMACJE\t\t\t\t\t\t\t\t<\/h1>\r\n\t\t\t\t\t\t\t<\/div>\r\n\t\t\t\t\t\t\t\t\t\t\t\t\t\t\t\t\t    \t\t\t\t\t\t    <a href=\"#\" class=\"button-style1\">\r\n\t\t\t\t\t\t    \t\t\t\t\t\t\t\t    <span>zobacz wi\u0119cej<\/span>\r\n\t\t\t\t\t\t\t<\/a>\r\n\t\t\t\t\t\t\t\t\t\t\t\t\t\t\t\t\t<\/div>\r\n\t\t\t\t<\/div>\r\n\t\t\t<\/div>\r\n\t\t      <div class=\"item swiper-slide item-banner banner-item-69ef38a5a18af elementor-repeater-item-e6cc8b1 tac with-shadow black\">\r\n        <div class=\"bg-image\" style=\"background-image: url(https:\/\/wizualizacje.warszawa.pl\/wp-content\/uploads\/2025\/10\/Wiz-5-Rawelin-w-.jpg)\"><\/div>\r\n                  \n    <div class=\"bg-overlay\">\n          <\/div>\n\n                            <div class=\"container\">\r\n          <div class=\"cell middle\">\r\n\t\t\t\t\t\t\t\t\t\t\t\t\t<div class=\"heading\">\r\n\t\t\t\t\t\t\t\t\t\t\t\t\t\t\t\t<h1 class=\"h\">\r\n\t\t\t\t\t\t\t\t\tWIZUALIZACJE WN\u0118TRZ\t\t\t\t\t\t\t\t<\/h1>\r\n\t\t\t\t\t\t\t<\/div>\r\n\t\t\t\t\t\t\t\t\t\t\t\t\t\t\t\t\t    \t\t\t\t\t\t    <a href=\"#\" class=\"button-style1\">\r\n\t\t\t\t\t\t    \t\t\t\t\t\t\t\t    <span>zobacz wi\u0119cej<\/span>\r\n\t\t\t\t\t\t\t<\/a>\r\n\t\t\t\t\t\t\t\t\t\t\t\t\t\t\t\t\t<\/div>\r\n\t\t\t\t<\/div>\r\n\t\t\t<\/div>\r\n\t\t            <\/div>\r\n          <\/div>\r\n          \r\n          <div class=\"owl-nav\"><div class=\"owl-prev basic-ui-icon-left-arrow\"><\/div><div class=\"owl-next basic-ui-icon-right-arrow\"><\/div><\/div>\r\n          <div class=\"owl-dots\"><\/div>          \r\n\t\t\t\t<\/div>\r\n\r\n\t\t\t<\/div>\r\n\t\t\t\t\t\t<\/div>\n\t\t\t\t<\/div>\n\t\t\t\t\t<\/div>\n\t\t<\/div>\n\t\t\t\t\t<\/div>\n\t\t<\/section>\n\t\t\t\t<section class=\"elementor-section elementor-top-section elementor-element elementor-element-be901a6 elementor-section-boxed elementor-section-height-default elementor-section-height-default\" data-id=\"be901a6\" data-element_type=\"section\" data-e-type=\"section\" data-settings=\"{&quot;background_background&quot;:&quot;classic&quot;}\">\n\t\t\t\t\t\t<div class=\"elementor-container elementor-column-gap-default\">\n\t\t\t\t\t<div class=\"elementor-column elementor-col-50 elementor-top-column elementor-element elementor-element-b994902\" data-id=\"b994902\" data-element_type=\"column\" data-e-type=\"column\" data-settings=\"{&quot;background_background&quot;:&quot;classic&quot;}\">\n\t\t\t<div class=\"elementor-widget-wrap elementor-element-populated\">\n\t\t\t\t\t\t<div class=\"elementor-element elementor-element-86177e6 elementor-widget elementor-widget-spacer\" data-id=\"86177e6\" data-element_type=\"widget\" data-e-type=\"widget\" data-widget_type=\"spacer.default\">\n\t\t\t\t\t\t\t<div class=\"elementor-spacer\">\n\t\t\t<div class=\"elementor-spacer-inner\"><\/div>\n\t\t<\/div>\n\t\t\t\t\t\t<\/div>\n\t\t\t\t\t<\/div>\n\t\t<\/div>\n\t\t\t\t<div class=\"elementor-column elementor-col-50 elementor-top-column elementor-element elementor-element-bd35657\" data-id=\"bd35657\" data-element_type=\"column\" data-e-type=\"column\" data-settings=\"{&quot;background_background&quot;:&quot;classic&quot;}\">\n\t\t\t<div class=\"elementor-widget-wrap elementor-element-populated\">\n\t\t\t\t\t\t<div class=\"elementor-element elementor-element-78c45d2 elementor-widget elementor-widget-yprm_heading\" data-id=\"78c45d2\" data-element_type=\"widget\" data-e-type=\"widget\" data-widget_type=\"yprm_heading.default\">\n\t\t\t\t<div class=\"elementor-widget-container\">\n\t\t\t\t\t\t\t\t<div class=\"heading-block with-line tal\">\n\t\t\t\t                  <h3 class=\"h\">FRAME studio<br \/>\n<span>wizualizacja i animacja dla architekt\u00f3w , deweloper\u00f3w , agencji reklamowych<\/span><br \/>\n<\/h3>\n        \t\t\t<\/div>\n      \t\t\t\t\t\t<\/div>\n\t\t\t\t<\/div>\n\t\t\t\t<div class=\"elementor-element elementor-element-1e72a63 elementor-widget elementor-widget-text-editor\" data-id=\"1e72a63\" data-element_type=\"widget\" data-e-type=\"widget\" data-widget_type=\"text-editor.default\">\n\t\t\t\t\t\t\t\t\t<p>W\u00a0<strong>FRAME Studio<\/strong>\u00a0zajmujemy si\u0119\u00a0<a href=\"https:\/\/fst.pl\/wizualizacje-galeria\/wizualizacje-budynkow\/\">wizualizacjami architektonicznymi<\/a>\u00a0i animowanymi filmami komputerowymi zar\u00f3wno budynk\u00f3w , wn\u0119trz i osiedli. Nasz\u0105 g\u0142\u00f3wn\u0105 siedzib\u0105 jest Olsztyn , ale wsp\u00f3\u0142pracujemy z firmami z ca\u0142ego kraju i z zagranicy.<br \/>Nie boimy si\u0119 trudnych wyzwa\u0144 i kr\u00f3tkich termin\u00f3w.<br \/>Zapraszamy do zapoznania si\u0119 z nasz\u0105 ofert\u0105 na stronie . Mamy nadziej\u0119, \u017ce zademonstruje nasze do\u015bwiadczenie i b\u0119dzie pocz\u0105tkiem przysz\u0142ej wsp\u00f3\u0142pracy.<\/p>\t\t\t\t\t\t\t\t<\/div>\n\t\t\t\t<div class=\"elementor-element elementor-element-abe7e19 elementor-widget elementor-widget-yprm_button\" data-id=\"abe7e19\" data-element_type=\"widget\" data-e-type=\"widget\" data-widget_type=\"yprm_button.default\">\n\t\t\t\t<div class=\"elementor-widget-container\">\n\t\t\t\t\t\r\n\t\t<div class=\"button-container\">\r\n\t\t\t<a class=\"button-elementor button-style2\" href=\"https:\/\/wizualizacje.warszawa.pl\/index.php\/studio\/\" target=\"_self\">\r\n\t\t\t\t\t\t\t\t<span>CZYTAJ WI\u0118CEJ<\/span>\r\n\t\t\t\t\t\t\t<\/a>\r\n\t\t<\/div>\r\n\r\n\t\t\t\t\t\t<\/div>\n\t\t\t\t<\/div>\n\t\t\t\t\t<\/div>\n\t\t<\/div>\n\t\t\t\t\t<\/div>\n\t\t<\/section>\n\t\t\t\t<section class=\"elementor-section elementor-top-section elementor-element elementor-element-921b349 elementor-section-full_width elementor-section-height-default elementor-section-height-default\" data-id=\"921b349\" data-element_type=\"section\" data-e-type=\"section\">\n\t\t\t\t\t\t<div class=\"elementor-container elementor-column-gap-no\">\n\t\t\t\t\t<div class=\"elementor-column elementor-col-100 elementor-top-column elementor-element elementor-element-753380a\" data-id=\"753380a\" data-element_type=\"column\" data-e-type=\"column\">\n\t\t\t<div class=\"elementor-widget-wrap elementor-element-populated\">\n\t\t\t\t\t\t<div class=\"elementor-element elementor-element-86a9deb elementor-widget elementor-widget-yprm_categories\" data-id=\"86a9deb\" data-element_type=\"widget\" data-e-type=\"widget\" data-settings=\"{&quot;cols_xs&quot;:1,&quot;cols_sm&quot;:2,&quot;cols_md&quot;:3}\" data-widget_type=\"yprm_categories.default\">\n\t\t\t\t<div class=\"elementor-widget-container\">\n\t\t\t\t\t\t\t<div class=\"category row category-block type-big\" data-portfolio-settings=\"{&quot;loop&quot;:true,&quot;autoplay&quot;:true,&quot;mousewheel&quot;:true,&quot;carousel&quot;:true,&quot;autoplay_speed&quot;:5000,&quot;pauseohover&quot;:true,&quot;speed&quot;:300,&quot;type&quot;:&quot;big&quot;,&quot;cols_xs&quot;:1,&quot;cols_sm&quot;:2,&quot;cols_md&quot;:3}\">\r\n\t\t\t\t\t\t\t<div class=\"item category-item elementor-repeater-item-4d365f4 black\" style=\"background-image: url(https:\/\/wizualizacje.warszawa.pl\/wp-content\/uploads\/2017\/09\/Chmielna-Duo-1w-1024x821.jpg);\">\r\n\t\t\t\t\t\t\t<h6 class=\"sub-h\">OD MODELU DO WIZUALIZACJI<\/h6>\r\n\t\t\t\t\t\t<h3 class=\"h\">WIZUALIZACJE BUDYNK\u00d3W<\/h3>\r\n\t\t\t\t\t\t\t<a class=\"button-style1\" target=\"_blank\" rel=\"nofollow\" href=\"https:\/\/wizualizacje.warszawa.pl\/index.php\/galeria\/\">ZOBACZ WI\u0118CEJ<\/a>\r\n\t\t\t\t\t<\/div>\r\n\t\t\t\t<div class=\"item category-item elementor-repeater-item-734d7e2 black\" style=\"background-image: url(https:\/\/wizualizacje.warszawa.pl\/wp-content\/uploads\/2018\/09\/jez-kras-03-1024x640.jpg);\">\r\n\t\t\t\t\t\t\t<h6 class=\"sub-h\">TRADYCYJNE I AI<\/h6>\r\n\t\t\t\t\t\t<h3 class=\"h\">ANIMACJE<\/h3>\r\n\t\t\t\t\t\t\t<a class=\"button-style1\" target=\"_blank\" rel=\"nofollow\" href=\"https:\/\/wizualizacje.warszawa.pl\/index.php\/animacje\/\">ZOBACZ WI\u0118CEJ<\/a>\r\n\t\t\t\t\t<\/div>\r\n\t\t\t\t<div class=\"item category-item elementor-repeater-item-e2e7cc5 black\" style=\"background-image: url(https:\/\/wizualizacje.warszawa.pl\/wp-content\/uploads\/2019\/08\/6-TALO-w-1024x640.jpg);\">\r\n\t\t\t\t\t\t\t<h6 class=\"sub-h\">SKOMPLIKOWANE PROJEKTY<\/h6>\r\n\t\t\t\t\t\t<h3 class=\"h\">WIZUALIZACJE OSIEDLI<\/h3>\r\n\t\t\t\t\t\t\t<a class=\"button-style1\" target=\"_blank\" rel=\"nofollow\" href=\"#\">ZOBACZ WI\u0118CEJ<\/a>\r\n\t\t\t\t\t<\/div>\r\n\t\t\t\t<div class=\"item category-item elementor-repeater-item-2660bb3 black\" style=\"background-image: url(https:\/\/wizualizacje.warszawa.pl\/wp-content\/uploads\/2025\/10\/Wiz-2-Rawelin-w--1024x581.jpg);\">\r\n\t\t\t\t\t\t\t<h6 class=\"sub-h\">PANORAMY I VR<\/h6>\r\n\t\t\t\t\t\t<h3 class=\"h\">SPACERY WIRTUALNE<\/h3>\r\n\t\t\t\t\t\t\t<a class=\"button-style1\" target=\"_blank\" rel=\"nofollow\" href=\"https:\/\/wizualizacje.warszawa.pl\/index.php\/spacery-wirtualne\/\">ZOBACZ WI\u0118CEJ<\/a>\r\n\t\t\t\t\t<\/div>\r\n\t\t\t\t<div class=\"item category-item elementor-repeater-item-e3c5b7a black\" style=\"background-image: url(https:\/\/wizualizacje.warszawa.pl\/wp-content\/uploads\/2026\/04\/karta-M20W-1024x1024.jpg);\">\r\n\t\t\t\t\t\t\t<h6 class=\"sub-h\">2D I 3D<\/h6>\r\n\t\t\t\t\t\t<h3 class=\"h\">KARTY LOKALI<\/h3>\r\n\t\t\t\t\t\t\t<a class=\"button-style1\" target=\"_blank\" rel=\"nofollow\" href=\"https:\/\/wizualizacje.warszawa.pl\/index.php\/karty-lokali\/\">CZYTAJ WI\u0118CEJ <\/a>\r\n\t\t\t\t\t<\/div>\r\n\t\t\t\t\t\t<\/div>\r\n\r\n\t\t\t\t\t\t<\/div>\n\t\t\t\t<\/div>\n\t\t\t\t\t<\/div>\n\t\t<\/div>\n\t\t\t\t\t<\/div>\n\t\t<\/section>\n\t\t\t\t<section class=\"elementor-section elementor-top-section elementor-element elementor-element-fcca943 elementor-section-boxed elementor-section-height-default elementor-section-height-default\" data-id=\"fcca943\" data-element_type=\"section\" data-e-type=\"section\">\n\t\t\t\t\t\t<div class=\"elementor-container elementor-column-gap-default\">\n\t\t\t\t\t<div class=\"elementor-column elementor-col-100 elementor-top-column elementor-element elementor-element-4b799fa\" data-id=\"4b799fa\" data-element_type=\"column\" data-e-type=\"column\">\n\t\t\t<div class=\"elementor-widget-wrap elementor-element-populated\">\n\t\t\t\t\t\t<div class=\"elementor-element elementor-element-6b001bb elementor-widget elementor-widget-yprm_heading\" data-id=\"6b001bb\" data-element_type=\"widget\" data-e-type=\"widget\" data-widget_type=\"yprm_heading.default\">\n\t\t\t\t<div class=\"elementor-widget-container\">\n\t\t\t\t\t\t\t\t<div class=\"heading-block with-line tac\">\n\t\t\t\t                  <h3 class=\"h\">Nasze <span>Ostatnie prace<\/span><\/h3>\n        \t\t\t<\/div>\n      \t\t\t\t\t\t<\/div>\n\t\t\t\t<\/div>\n\t\t\t\t<div class=\"elementor-element elementor-element-d8d5a3f elementor-widget elementor-widget-yprm_portfolio\" data-id=\"d8d5a3f\" data-element_type=\"widget\" data-e-type=\"widget\" data-settings=\"{&quot;cols_xs&quot;:&quot;1&quot;,&quot;cols_sm&quot;:&quot;2&quot;,&quot;cols_md&quot;:&quot;3&quot;}\" data-widget_type=\"yprm_portfolio.default\">\n\t\t\t\t<div class=\"elementor-widget-container\">\n\t\t\t\t\t\n\t\t<div class=\"portfolio-block elementor-block popup-gallery\" id=\"portfolio-69ef38a5a9430\" data-portfolio-settings=\"{&quot;type&quot;:&quot;masonry&quot;}\" data-popup-settings=\"{&quot;popupTitle&quot;:true,&quot;popupDesc&quot;:false}\">\n\t\t\t\t\t\t\t\t\t<div class=\"filter-buttons filter-button-group tac\">\n\t\t\t<div class=\"wrap\">\n\t\t\t\t<button class=\"button active\" data-filter=\"*\">\n\t\t\t\t\t<span>All<\/span>\n\t\t\t\t<\/button>\n\t\t\t\t\t\t\t\t\t<button class=\"button\" data-filter=\".category-16\">\n\t\t\t\t\t\t<span>Animacje<\/span>\n\t\t\t\t\t<\/button>\n\t\t\t\t\t\t\t\t\t<button class=\"button\" data-filter=\".category-11\">\n\t\t\t\t\t\t<span>Budynki<\/span>\n\t\t\t\t\t<\/button>\n\t\t\t\t\t\t\t\t\t<button class=\"button\" data-filter=\".category-15\">\n\t\t\t\t\t\t<span>Inne<\/span>\n\t\t\t\t\t<\/button>\n\t\t\t\t\t\t\t\t\t<button class=\"button\" data-filter=\".category-14\">\n\t\t\t\t\t\t<span>Osiedla<\/span>\n\t\t\t\t\t<\/button>\n\t\t\t\t\t\t\t<\/div>\n\t\t<\/div>\n\t\t\t\t\t\t<div class=\"portfolio-items elementor-block portfolio-type-masonry load-wrap portfolio_hover_type_1 row\" id=\"portfolio-69ef38a5a944b\">\n\t\t\t\t\t\t\t<article class=\"col-12 col-sm-6 col-md-4 portfolio-item portfolio-masonry-item category-16 category-11 category-14 popup-item with-video  image-center\">\n\t\t\t<div class=\"wrap\">\n        \t\t\t\t\t<div class=\"a-img\">\n            <img fetchpriority=\"high\" decoding=\"async\" width=\"1024\" height=\"683\" src=\"https:\/\/wizualizacje.warszawa.pl\/wp-content\/uploads\/2017\/09\/ChatGPT-Image-12-lut-2026-15_03_48-1024x683.png\" class=\"attachment-large size-large\" alt=\"\" srcset=\"https:\/\/wizualizacje.warszawa.pl\/wp-content\/uploads\/2017\/09\/ChatGPT-Image-12-lut-2026-15_03_48-1024x683.png 1024w, https:\/\/wizualizacje.warszawa.pl\/wp-content\/uploads\/2017\/09\/ChatGPT-Image-12-lut-2026-15_03_48-300x200.png 300w, https:\/\/wizualizacje.warszawa.pl\/wp-content\/uploads\/2017\/09\/ChatGPT-Image-12-lut-2026-15_03_48-768x512.png 768w, https:\/\/wizualizacje.warszawa.pl\/wp-content\/uploads\/2017\/09\/ChatGPT-Image-12-lut-2026-15_03_48-70x47.png 70w, https:\/\/wizualizacje.warszawa.pl\/wp-content\/uploads\/2017\/09\/ChatGPT-Image-12-lut-2026-15_03_48.png 1536w\" sizes=\"(max-width: 1024px) 100vw, 1024px\" \/>                      <\/div>\n\t\t\t\t\t\t\t\t<div class=\"content\">\n\t\t\t\t\t\t\t\t<h5>Animacje AI<\/h5>\n\t\t\t\t\t\t\t\t\t\t\t<\/div>\n\t\t\t\t          <a class=\"link\" href=\"#\" data-popup-json=\"{&quot;title&quot;:&quot;Animacje AI&quot;,&quot;desc&quot;:false,&quot;video&quot;:{&quot;html&quot;:&quot;&lt;iframe class=\\&quot;pswp__video\\&quot; width=\\&quot;1920\\&quot; height=\\&quot;1080\\&quot; src=\\&quot;https:\\\/\\\/youtube.com\\\/embed\\\/3xmaGnGuBF4?rel=0&#038;showinfo=0&#038;enablejsapi=1\\&quot; frameborder=\\&quot;0\\&quot; allowfullscreen=\\&quot;\\&quot;&gt;&lt;\\\/iframe&gt;&quot;,&quot;w&quot;:1920,&quot;h&quot;:1080},&quot;post_id&quot;:324,&quot;likes&quot;:&quot;31&quot;,&quot;projectLink&quot;:&quot;https:\\\/\\\/wizualizacje.warszawa.pl\\\/index.php\\\/pt-portfolio\\\/wishing-well\\\/&quot;,&quot;projectLinkTarget&quot;:&quot;_self&quot;}\" data-id=\"0\" ><\/a>        \t\t\t<\/div>\n\t\t<\/article>\n\t\t\t\t<article class=\"col-12 col-sm-6 col-md-4 portfolio-item portfolio-masonry-item category-11 category-14 popup-item with-video  image-center\">\n\t\t\t<div class=\"wrap\">\n        \t\t\t\t\t<div class=\"a-img\">\n            <img decoding=\"async\" width=\"1024\" height=\"683\" src=\"https:\/\/wizualizacje.warszawa.pl\/wp-content\/uploads\/2017\/09\/Chmielna-Duo-3w-1024x683.jpg\" class=\"attachment-large size-large\" alt=\"\" srcset=\"https:\/\/wizualizacje.warszawa.pl\/wp-content\/uploads\/2017\/09\/Chmielna-Duo-3w-1024x683.jpg 1024w, https:\/\/wizualizacje.warszawa.pl\/wp-content\/uploads\/2017\/09\/Chmielna-Duo-3w-300x200.jpg 300w, https:\/\/wizualizacje.warszawa.pl\/wp-content\/uploads\/2017\/09\/Chmielna-Duo-3w-768x512.jpg 768w, https:\/\/wizualizacje.warszawa.pl\/wp-content\/uploads\/2017\/09\/Chmielna-Duo-3w-1536x1024.jpg 1536w, https:\/\/wizualizacje.warszawa.pl\/wp-content\/uploads\/2017\/09\/Chmielna-Duo-3w-70x47.jpg 70w, https:\/\/wizualizacje.warszawa.pl\/wp-content\/uploads\/2017\/09\/Chmielna-Duo-3w.jpg 1920w\" sizes=\"(max-width: 1024px) 100vw, 1024px\" \/>                      <\/div>\n\t\t\t\t\t\t\t\t<div class=\"content\">\n\t\t\t\t\t\t\t\t<h5>Apartamenty CHMIELNA DUO<\/h5>\n\t\t\t\t\t\t\t\t\t\t\t<\/div>\n\t\t\t\t          <a class=\"link\" href=\"#\" data-popup-json=\"{&quot;title&quot;:&quot;Apartamenty CHMIELNA DUO&quot;,&quot;desc&quot;:false,&quot;video&quot;:{&quot;html&quot;:&quot;&lt;iframe class=\\&quot;pswp__video\\&quot; width=\\&quot;1920\\&quot; height=\\&quot;1080\\&quot; src=\\&quot;https:\\\/\\\/youtube.com\\\/embed\\\/jMwNXQFcBB4?rel=0&#038;showinfo=0&#038;enablejsapi=1\\&quot; frameborder=\\&quot;0\\&quot; allowfullscreen=\\&quot;\\&quot;&gt;&lt;\\\/iframe&gt;&quot;,&quot;w&quot;:1920,&quot;h&quot;:1080},&quot;post_id&quot;:327,&quot;likes&quot;:&quot;10&quot;,&quot;projectLink&quot;:&quot;https:\\\/\\\/wizualizacje.warszawa.pl\\\/index.php\\\/pt-portfolio\\\/redhead\\\/&quot;,&quot;projectLinkTarget&quot;:&quot;_self&quot;}\" data-id=\"1\" ><\/a>        \t\t\t<\/div>\n\t\t<\/article>\n\t\t\t\t<article class=\"col-12 col-sm-6 col-md-4 portfolio-item portfolio-masonry-item category-11 category-15 category-14 popup-item  image-center\">\n\t\t\t<div class=\"wrap\">\n        \t\t\t\t\t<div class=\"a-img\">\n            <img decoding=\"async\" width=\"1024\" height=\"581\" src=\"https:\/\/wizualizacje.warszawa.pl\/wp-content\/uploads\/2025\/10\/Wiz-3-Rawelin-w--1024x581.jpg\" class=\"attachment-large size-large\" alt=\"\" srcset=\"https:\/\/wizualizacje.warszawa.pl\/wp-content\/uploads\/2025\/10\/Wiz-3-Rawelin-w--1024x581.jpg 1024w, https:\/\/wizualizacje.warszawa.pl\/wp-content\/uploads\/2025\/10\/Wiz-3-Rawelin-w--300x170.jpg 300w, https:\/\/wizualizacje.warszawa.pl\/wp-content\/uploads\/2025\/10\/Wiz-3-Rawelin-w--768x436.jpg 768w, https:\/\/wizualizacje.warszawa.pl\/wp-content\/uploads\/2025\/10\/Wiz-3-Rawelin-w--1536x871.jpg 1536w, https:\/\/wizualizacje.warszawa.pl\/wp-content\/uploads\/2025\/10\/Wiz-3-Rawelin-w--70x40.jpg 70w, https:\/\/wizualizacje.warszawa.pl\/wp-content\/uploads\/2025\/10\/Wiz-3-Rawelin-w-.jpg 1920w\" sizes=\"(max-width: 1024px) 100vw, 1024px\" \/>                      <\/div>\n\t\t\t\t\t\t\t\t<div class=\"content\">\n\t\t\t\t\t\t\t\t<h5>Apartamenty Rawelin 8<\/h5>\n\t\t\t\t\t\t\t\t\t\t\t<\/div>\n\t\t\t\t          <a class=\"link\" href=\"#\" data-popup-json=\"{&quot;title&quot;:&quot;Apartamenty Rawelin 8&quot;,&quot;desc&quot;:false,&quot;image&quot;:{&quot;url&quot;:&quot;https:\\\/\\\/wizualizacje.warszawa.pl\\\/wp-content\\\/uploads\\\/2025\\\/10\\\/Wiz-3-Rawelin-w-.jpg&quot;,&quot;w&quot;:1920,&quot;h&quot;:1089},&quot;post_id&quot;:330,&quot;likes&quot;:&quot;18&quot;,&quot;projectLink&quot;:&quot;https:\\\/\\\/wizualizacje.warszawa.pl\\\/index.php\\\/pt-portfolio\\\/born-to-be-wild\\\/&quot;,&quot;projectLinkTarget&quot;:&quot;_self&quot;}\" data-id=\"2\" ><\/a>        \t\t\t<\/div>\n\t\t<\/article>\n\t\t\t\t<article class=\"col-12 col-sm-6 col-md-4 portfolio-item portfolio-masonry-item category-16 category-11 category-14 popup-item with-video  image-center\">\n\t\t\t<div class=\"wrap\">\n        \t\t\t\t\t<div class=\"a-img\">\n                                  <\/div>\n\t\t\t\t\t\t\t\t<div class=\"content\">\n\t\t\t\t\t\t\t\t<h5>Animacje AI<\/h5>\n\t\t\t\t\t\t\t\t\t\t\t<\/div>\n\t\t\t\t          <a class=\"link\" href=\"#\" data-popup-json=\"{&quot;title&quot;:&quot;Animacje AI&quot;,&quot;desc&quot;:false,&quot;video&quot;:{&quot;html&quot;:&quot;&lt;iframe class=\\&quot;pswp__video\\&quot; width=\\&quot;1920\\&quot; height=\\&quot;1080\\&quot; src=\\&quot;https:\\\/\\\/youtube.com\\\/embed\\\/3xmaGnGuBF4?rel=0&#038;showinfo=0&#038;enablejsapi=1\\&quot; frameborder=\\&quot;0\\&quot; allowfullscreen=\\&quot;\\&quot;&gt;&lt;\\\/iframe&gt;&quot;,&quot;w&quot;:1920,&quot;h&quot;:1080},&quot;post_id&quot;:334,&quot;likes&quot;:&quot;4&quot;,&quot;projectLink&quot;:&quot;https:\\\/\\\/wizualizacje.warszawa.pl\\\/index.php\\\/pt-portfolio\\\/wishing-well-2\\\/&quot;,&quot;projectLinkTarget&quot;:&quot;_self&quot;}\" data-id=\"3\" ><\/a>        \t\t\t<\/div>\n\t\t<\/article>\n\t\t\t\t<article class=\"col-12 col-sm-6 col-md-4 portfolio-item portfolio-masonry-item category-14 popup-item  image-center\">\n\t\t\t<div class=\"wrap\">\n        \t\t\t\t\t<div class=\"a-img\">\n            <img loading=\"lazy\" decoding=\"async\" width=\"1024\" height=\"640\" src=\"https:\/\/wizualizacje.warszawa.pl\/wp-content\/uploads\/2019\/08\/6-TALO-w-1024x640.jpg\" class=\"attachment-large size-large\" alt=\"Wizualizacja budynku w Warszawie ul. Ostr\u00f3dzka TALO\" srcset=\"https:\/\/wizualizacje.warszawa.pl\/wp-content\/uploads\/2019\/08\/6-TALO-w-1024x640.jpg 1024w, https:\/\/wizualizacje.warszawa.pl\/wp-content\/uploads\/2019\/08\/6-TALO-w-300x188.jpg 300w, https:\/\/wizualizacje.warszawa.pl\/wp-content\/uploads\/2019\/08\/6-TALO-w-768x480.jpg 768w, https:\/\/wizualizacje.warszawa.pl\/wp-content\/uploads\/2019\/08\/6-TALO-w.jpg 1920w\" sizes=\"(max-width: 1024px) 100vw, 1024px\" \/>                      <\/div>\n\t\t\t\t\t\t\t\t<div class=\"content\">\n\t\t\t\t\t\t\t\t<h5>Talo - Ostr\u00f3dzka<\/h5>\n\t\t\t\t\t\t\t\t\t\t\t<\/div>\n\t\t\t\t          <a class=\"link\" href=\"#\" data-popup-json=\"{&quot;title&quot;:&quot;Talo - Ostr\\u00f3dzka&quot;,&quot;desc&quot;:false,&quot;image&quot;:{&quot;url&quot;:&quot;https:\\\/\\\/wizualizacje.warszawa.pl\\\/wp-content\\\/uploads\\\/2019\\\/08\\\/6-TALO-w.jpg&quot;,&quot;w&quot;:1920,&quot;h&quot;:1200},&quot;post_id&quot;:338,&quot;likes&quot;:&quot;1&quot;,&quot;projectLink&quot;:&quot;https:\\\/\\\/wizualizacje.warszawa.pl\\\/index.php\\\/pt-portfolio\\\/talo-ostrodzka\\\/&quot;,&quot;projectLinkTarget&quot;:&quot;_self&quot;}\" data-id=\"4\" ><\/a>        \t\t\t<\/div>\n\t\t<\/article>\n\t\t\t\t\t\t<\/div>\n\t\t\t\t\t\t\t\t\t<\/div>\n    \t\t\t\t<\/div>\n\t\t\t\t<\/div>\n\t\t\t\t\t<\/div>\n\t\t<\/div>\n\t\t\t\t\t<\/div>\n\t\t<\/section>\n\t\t\t\t<section class=\"elementor-section elementor-top-section elementor-element elementor-element-e75cbbf elementor-section-boxed elementor-section-height-default elementor-section-height-default\" data-id=\"e75cbbf\" data-element_type=\"section\" data-e-type=\"section\">\n\t\t\t\t\t\t<div class=\"elementor-container elementor-column-gap-default\">\n\t\t\t\t\t<div class=\"elementor-column elementor-col-100 elementor-top-column elementor-element elementor-element-04909e6\" data-id=\"04909e6\" data-element_type=\"column\" data-e-type=\"column\">\n\t\t\t<div class=\"elementor-widget-wrap elementor-element-populated\">\n\t\t\t\t\t\t<div class=\"elementor-element elementor-element-65af1d0 elementor-widget elementor-widget-yprm_heading\" data-id=\"65af1d0\" data-element_type=\"widget\" data-e-type=\"widget\" data-widget_type=\"yprm_heading.default\">\n\t\t\t\t<div class=\"elementor-widget-container\">\n\t\t\t\t\t\t\t\t<div class=\"heading-block with-line tac\">\n\t\t\t\t                  <h3 class=\"h\">Referencje<\/h3>\n        \t\t\t<\/div>\n      \t\t\t\t\t\t<\/div>\n\t\t\t\t<\/div>\n\t\t\t\t<div class=\"elementor-element elementor-element-81bdb5c elementor-widget elementor-widget-yprm_testimonials\" data-id=\"81bdb5c\" data-element_type=\"widget\" data-e-type=\"widget\" data-widget_type=\"yprm_testimonials.default\">\n\t\t\t\t<div class=\"elementor-widget-container\">\n\t\t\t\t\t\n\t\t<div class=\"testimonials row owl-carousel owl-loaded\" data-portfolio-settings=\"{&quot;loop&quot;:true,&quot;autoplay&quot;:true,&quot;arrows&quot;:true,&quot;mousewheel&quot;:true,&quot;pauseohover&quot;:true,&quot;autoplay_speed&quot;:5000,&quot;speed&quot;:300}\">\n\t\t\t\t\t<div class=\"item testimonial-item \">\n\t\t\t<div class=\"row\">\n\t\t\t\t\t\t\t\t\t<div class=\"col-12\">\n\t\t\t\t\n\t\t\t\t\t\t\t\t\t\t\t<div class=\"quote\"><div class=\"q\">\u201c<\/div>\n\t\t\t\t\t\t\tPraca przy tak du\u017cym projekcie - 7 budynk\u00f3w wielorodzinnych i do ka\u017cdego po kilka kilkana\u015bcie wizualizacji . animacja i inne materia\u0142y to spore wyzwanie . Jednak wieloletnie do\u015bwiadczenie pozwoli\u0142o wykonywa\u0107 prace w terminie z zachowaniem wysokiej jako\u015bci . architekt Maciej Deja , architekt Anita \u015awiat , architekt Tomasz \u017babi\u0144ski\t\t\t\t\t\t<\/div>\n\t\t\t\t\t\n\t\t\t\t\t\n\t\t\t\t\t\t\t\t\t<\/div>\n\t\t\t<\/div>\n\t\t<\/div>\n\t\t\t\t<div class=\"item testimonial-item \">\n\t\t\t<div class=\"row\">\n\t\t\t\t\t\t\t\t\t<div class=\"col-12\">\n\t\t\t\t\n\t\t\t\t\t\t\t\t\t\t\t<div class=\"quote\"><div class=\"q\">\u201c<\/div>\n\t\t\t\t\t\t\tPraca przy tak du\u017cym projekcie - 7 budynk\u00f3w wielorodzinnych i do ka\u017cdego po kilka kilkana\u015bcie wizualizacji . animacja i inne materia\u0142y to spore wyzwanie . Jednak wieloletnie do\u015bwiadczenie pozwoli\u0142o wykonywa\u0107 prace w terminie z zachowaniem wysokiej jako\u015bci . architekt Maciej Deja , architekt Anita \u015awiat , architekt Tomasz \u017babi\u0144ski\t\t\t\t\t\t<\/div>\n\t\t\t\t\t\n\t\t\t\t\t\n\t\t\t\t\t\t\t\t\t<\/div>\n\t\t\t<\/div>\n\t\t<\/div>\n\t\t\t\t<div class=\"item testimonial-item \">\n\t\t\t<div class=\"row\">\n\t\t\t\t\t\t\t\t\t<div class=\"col-12\">\n\t\t\t\t\n\t\t\t\t\t\t\t\t\t\t\t<div class=\"quote\"><div class=\"q\">\u201c<\/div>\n\t\t\t\t\t\t\tPraca przy tak du\u017cym projekcie - 7 budynk\u00f3w wielorodzinnych i do ka\u017cdego po kilka kilkana\u015bcie wizualizacji . animacja i inne materia\u0142y to spore wyzwanie . Jednak wieloletnie do\u015bwiadczenie pozwoli\u0142o wykonywa\u0107 prace w terminie z zachowaniem wysokiej jako\u015bci . architekt Maciej Deja , architekt Anita \u015awiat , architekt Tomasz \u017babi\u0144ski\t\t\t\t\t\t<\/div>\n\t\t\t\t\t\n\t\t\t\t\t\t\t\t\t\t\t<h4>\n\t\t\t\t\t\t\tMaciej Deja\t\t\t\t\t\t<\/h4>\n\t\t\t\t\t\n\t\t\t\t\t\t\t\t\t\t\t<div class=\"post\">\n\t\t\t\t\t\t\tArchitekt\t\t\t\t\t\t<\/div>\n\t\t\t\t\t\t\t\t\t<\/div>\n\t\t\t<\/div>\n\t\t<\/div>\n\t\t\t\t<\/div>\n\n\t\t\t\t\t\t<\/div>\n\t\t\t\t<\/div>\n\t\t\t\t\t<\/div>\n\t\t<\/div>\n\t\t\t\t\t<\/div>\n\t\t<\/section>\n\t\t\t\t<section class=\"elementor-section elementor-top-section elementor-element elementor-element-2848eb34 elementor-section-boxed elementor-section-height-default elementor-section-height-default\" data-id=\"2848eb34\" data-element_type=\"section\" data-e-type=\"section\">\n\t\t\t\t\t\t<div class=\"elementor-container elementor-column-gap-default\">\n\t\t\t\t\t<div class=\"elementor-column elementor-col-100 elementor-top-column elementor-element elementor-element-67a5c899\" data-id=\"67a5c899\" data-element_type=\"column\" data-e-type=\"column\">\n\t\t\t<div class=\"elementor-widget-wrap elementor-element-populated\">\n\t\t\t\t\t\t<div class=\"elementor-element elementor-element-5e255a85 elementor-widget elementor-widget-yprm_brands\" data-id=\"5e255a85\" data-element_type=\"widget\" data-e-type=\"widget\" data-settings=\"{&quot;cols_xs&quot;:1,&quot;cols_sm&quot;:2,&quot;cols_md&quot;:3,&quot;cols_lg&quot;:4,&quot;cols_xl&quot;:5,&quot;carousel&quot;:&quot;yes&quot;}\" data-widget_type=\"yprm_brands.default\">\n\t\t\t\t<div class=\"elementor-widget-container\">\n\t\t\t\t\t    <div class=\"brand-block \" data-portfolio-settings=\"{&quot;loop&quot;:&quot;yes&quot;,&quot;autoplay&quot;:&quot;yes&quot;,&quot;carousel&quot;:&quot;yes&quot;,&quot;autoplay_speed&quot;:5000,&quot;edge_fade_size&quot;:12.5,&quot;cols_xs&quot;:1,&quot;cols_sm&quot;:2,&quot;cols_md&quot;:3,&quot;cols_lg&quot;:4,&quot;cols_xl&quot;:5}\">\r\n              <div class=\"swiper\">\r\n          <div class=\"swiper-wrapper\">\r\n                      <\/div>\r\n        <\/div>\r\n          <\/div>\r\n\r\n    \t\t\t\t<\/div>\n\t\t\t\t<\/div>\n\t\t\t\t\t<\/div>\n\t\t<\/div>\n\t\t\t\t\t<\/div>\n\t\t<\/section>\n\t\t\t\t<\/div>\n\t\t","protected":false},"excerpt":{"rendered":"<p>instagram youtube facebook WIZUALIZACJE BUDYNK\u00d3W zobacz wi\u0119cej ANIMACJE zobacz wi\u0119cej WIZUALIZACJE WN\u0118TRZ zobacz wi\u0119cej FRAME studio wizualizacja i animacja dla architekt\u00f3w , deweloper\u00f3w , agencji reklamowych W\u00a0FRAME Studio\u00a0zajmujemy si\u0119\u00a0wizualizacjami architektonicznymi\u00a0i animowanymi filmami komputerowymi zar\u00f3wno budynk\u00f3w , wn\u0119trz i osiedli. Nasz\u0105 g\u0142\u00f3wn\u0105 siedzib\u0105 jest Olsztyn , ale wsp\u00f3\u0142pracujemy z firmami z ca\u0142ego kraju i z zagranicy.Nie [&hellip;]<\/p>\n","protected":false},"author":1,"featured_media":0,"parent":0,"menu_order":0,"comment_status":"closed","ping_status":"closed","template":"template-landing.php","meta":{"_acf_changed":false,"_themeisle_gutenberg_block_has_review":false,"footnotes":""},"class_list":["post-3287","page","type-page","status-publish","hentry"],"acf":[],"_links":{"self":[{"href":"https:\/\/wizualizacje.warszawa.pl\/index.php\/wp-json\/wp\/v2\/pages\/3287","targetHints":{"allow":["GET"]}}],"collection":[{"href":"https:\/\/wizualizacje.warszawa.pl\/index.php\/wp-json\/wp\/v2\/pages"}],"about":[{"href":"https:\/\/wizualizacje.warszawa.pl\/index.php\/wp-json\/wp\/v2\/types\/page"}],"author":[{"embeddable":true,"href":"https:\/\/wizualizacje.warszawa.pl\/index.php\/wp-json\/wp\/v2\/users\/1"}],"replies":[{"embeddable":true,"href":"https:\/\/wizualizacje.warszawa.pl\/index.php\/wp-json\/wp\/v2\/comments?post=3287"}],"version-history":[{"count":144,"href":"https:\/\/wizualizacje.warszawa.pl\/index.php\/wp-json\/wp\/v2\/pages\/3287\/revisions"}],"predecessor-version":[{"id":4259,"href":"https:\/\/wizualizacje.warszawa.pl\/index.php\/wp-json\/wp\/v2\/pages\/3287\/revisions\/4259"}],"wp:attachment":[{"href":"https:\/\/wizualizacje.warszawa.pl\/index.php\/wp-json\/wp\/v2\/media?parent=3287"}],"curies":[{"name":"wp","href":"https:\/\/api.w.org\/{rel}","templated":true}]}}